{"id":338,"date":"2026-07-22T17:19:31","date_gmt":"2026-07-22T15:19:31","guid":{"rendered":"https:\/\/www.re-peres17.fr\/?page_id=338"},"modified":"2026-07-30T16:23:08","modified_gmt":"2026-07-30T14:23:08","slug":"accueil","status":"publish","type":"page","link":"https:\/\/www.re-peres17.fr\/","title":{"rendered":"Accueil"},"content":{"rendered":"\n<div class=\"wp-block-uagb-container uagb-block-9163bcde alignfull uagb-is-root-container\"><div class=\"uagb-container-inner-blocks-wrap\">\n<div class=\"wp-block-uagb-container uagb-block-7925c06c\">\n<div class=\"wp-block-uagb-advanced-heading uagb-block-987dac93\"><h1 class=\"uagb-heading-text\">Re-p\u00e8res17<\/h1><\/div>\n<\/div>\n\n\n\n<div class=\"wp-block-group is-nowrap is-layout-flex wp-container-core-group-is-layout-995f960e wp-block-group-is-layout-flex\">\n<div class=\"wp-block-uagb-container uagb-block-2b007801\">\n<div class=\"wp-block-uagb-advanced-heading uagb-block-eb5b9732\"><h2 class=\"uagb-heading-text\"><strong>Retrouver sa place de p\u00e8re, <br>Pr\u00e9server le lien avec son enfant.<\/strong><\/h2><\/div>\n\n\n\n<p class=\"has-text-align-left wp-block-paragraph\">Re-p\u00e8res17 accompagne les p\u00e8res s\u00e9par\u00e9s dans l&rsquo;exercice de leur parentalit\u00e9, avec \u00e9coute, bienveillance et professionnalisme. <br><strong>Notre mission est de soutenir chaque famille dans le respect du droit de la famille et avant tout dans l&rsquo;int\u00e9r\u00eat de l&rsquo;enfant.<\/strong><\/p>\n\n\n\n<div class=\"wp-block-uagb-buttons uagb-buttons__outer-wrap uagb-btn__default-btn uagb-btn-tablet__default-btn uagb-btn-mobile__default-btn uagb-block-aca4e535\"><div class=\"uagb-buttons__wrap uagb-buttons-layout-wrap \">\n<div class=\"wp-block-uagb-buttons-child uagb-buttons__outer-wrap uagb-block-4e4f8087 wp-block-button\"><div class=\"uagb-button__wrapper\"><a class=\"uagb-buttons-repeater wp-block-button__link\" aria-label=\"\" href=\"https:\/\/www.re-peres17.fr\/#contact\" rel=\"follow noopener\" target=\"_self\" role=\"button\"><div class=\"uagb-button__link\">\u00catre accompagn\u00e9<\/div><span class=\"uagb-button__icon uagb-button__icon-position-after\"><svg xmlns=\"https:\/\/www.w3.org\/2000\/svg\" viewBox=\"0 0 448 512\" aria-hidden=\"true\" focussable=\"false\"><path d=\"M438.6 278.6l-160 160C272.4 444.9 264.2 448 256 448s-16.38-3.125-22.62-9.375c-12.5-12.5-12.5-32.75 0-45.25L338.8 288H32C14.33 288 .0016 273.7 .0016 256S14.33 224 32 224h306.8l-105.4-105.4c-12.5-12.5-12.5-32.75 0-45.25s32.75-12.5 45.25 0l160 160C451.1 245.9 451.1 266.1 438.6 278.6z\"><\/path><\/svg><\/span><\/a><\/div><\/div>\n<\/div><\/div>\n<\/div>\n<\/div>\n<\/div><\/div>\n\n\n\n<div class=\"wp-block-uagb-container uagb-block-05fa5f9e alignfull uagb-is-root-container\"><div class=\"uagb-container-inner-blocks-wrap\">\n<div class=\"wp-block-uagb-container uagb-block-06ab5c6c\">\n<div class=\"wp-block-uagb-image aligncenter uagb-block-c7a3bdc9 wp-block-uagb-image--layout-default wp-block-uagb-image--effect-static wp-block-uagb-image--align-center\"><figure class=\"wp-block-uagb-image__figure\"><img loading=\"lazy\" decoding=\"async\" src=\"https:\/\/www.re-peres17.fr\/wp-content\/uploads\/2026\/07\/Re-peres17.png\" alt=\"\" class=\"uag-image-309\" width=\"384\" height=\"500\" title=\"Re-p\u00e8res17\" loading=\"lazy\" role=\"img\" \/><\/figure><\/div>\n<\/div>\n\n\n\n<div class=\"wp-block-uagb-container uagb-block-b5af49f1\">\n<div class=\"wp-block-uagb-advanced-heading uagb-block-aff4aab0\"><h2 class=\"uagb-heading-text\">Une association engag\u00e9e au service des familles<\/h2><\/div>\n\n\n\n<p class=\"has-text-align-center wp-block-paragraph\" style=\"line-height:1.4\">Cr\u00e9\u00e9e pour soutenir les parents confront\u00e9s aux difficult\u00e9s li\u00e9es \u00e0 la s\u00e9paration, Re-p\u00e8res17 accompagne plus particuli\u00e8rement les p\u00e8res dans leur parcours parental.<br><br>Notre objectif est de favoriser le maintien du lien parent-enfant, pr\u00e9venir les situations de conflit et permettre aux enfants de grandir dans un environnement familial le plus bienveillant, serein et \u00e9quilibr\u00e9 que possible.<br><br>Chaque accompagnement est r\u00e9alis\u00e9 dans une d\u00e9marche d&rsquo;\u00e9coute et de neutralit\u00e9, pour \u0153uvrer dans le respect du droit de la famille et dans l\u2019int\u00e9r\u00eat de l\u2019enfant.<\/p>\n<\/div>\n<\/div><\/div>\n\n\n\n<div class=\"wp-block-uagb-container uagb-block-94a46028 alignfull uagb-is-root-container\">\n<div class=\"wp-block-uagb-container uagb-block-2148f96d\">\n<div class=\"wp-block-uagb-advanced-heading uagb-block-7fc51924\" id=\"accompagnements\"><h2 class=\"uagb-heading-text\">Nos accompagnements<\/h2><\/div>\n<\/div>\n\n\n\n<div class=\"wp-block-uagb-container uagb-block-3fa98b9c\">\n<div class=\"wp-block-uagb-container uagb-block-06292c92\">\n<div class=\"wp-block-uagb-info-box uagb-block-642e7b5c uagb-infobox__content-wrap  uagb-infobox-icon-left-title uagb-infobox-left uagb-infobox-image-valign-middle\"><div class=\"uagb-ifb-content\"><div class=\"uagb-ifb-left-title-image\"><div class=\"uagb-ifb-icon-wrap\"><div class=\"uagb-iconbox-icon-wrap uagb-infobox-shape-circle\"><svg xmlns=\"https:\/\/www.w3.org\/2000\/svg\" viewBox=\"0 0 640 512\"><path d=\"M224 256c70.7 0 128-57.31 128-128S294.7 0 224 0C153.3 0 96 57.31 96 128S153.3 256 224 256zM274.7 304H173.3c-95.73 0-173.3 77.6-173.3 173.3C0 496.5 15.52 512 34.66 512H413.3C432.5 512 448 496.5 448 477.3C448 381.6 370.4 304 274.7 304zM479.1 320h-73.85C451.2 357.7 480 414.1 480 477.3C480 490.1 476.2 501.9 470 512h138C625.7 512 640 497.6 640 479.1C640 391.6 568.4 320 479.1 320zM432 256C493.9 256 544 205.9 544 144S493.9 32 432 32c-25.11 0-48.04 8.555-66.72 22.51C376.8 76.63 384 101.4 384 128c0 35.52-11.93 68.14-31.59 94.71C372.7 243.2 400.8 256 432 256z\"><\/path><\/svg><\/div><\/div><div class=\"uagb-ifb-title-wrap\"><h3 class=\"uagb-ifb-title\">Accompagnement <br>personnalis\u00e9<\/h3><\/div><\/div><div class=\"uagb-ifb-separator\"><\/div><p class=\"uagb-ifb-desc\">Nous vous accueillons dans un espace confidentiel afin de vous accompagner dans vos d\u00e9marches et votre r\u00e9flexion.<br><br>Nous pouvons notamment vous aider \u00e0 :<br>&#8211; d\u00e9finir ou reconstruire votre projet parental<br>&#8211; prendre du recul sur votre situation familiale<br>&#8211; pr\u00e9parer vos d\u00e9marches administratives ou judiciaires<br>&#8211; mieux comprendre les enjeux \u00e9ducatifs li\u00e9s \u00e0 la s\u00e9paration<br>&#8211; \u00e9changer avec les services de la protection de l&rsquo;enfance lorsque cela est n\u00e9cessaire<br>&#8211; favoriser un dialogue apais\u00e9 avec l&rsquo;autre parent lorsque cela est possible<br><br>Une participation financi\u00e8re est demand\u00e9e en fonction des revenus lors du deuxi\u00e8me entretien.<\/p><\/div><\/div>\n<\/div>\n\n\n\n<div class=\"wp-block-uagb-container uagb-block-98c544e0\">\n<div class=\"wp-block-uagb-info-box uagb-block-195e9433 uagb-infobox__content-wrap  uagb-infobox-icon-left-title uagb-infobox-left uagb-infobox-image-valign-middle\"><div class=\"uagb-ifb-content\"><div class=\"uagb-ifb-left-title-image\"><div class=\"uagb-ifb-icon-wrap\"><div class=\"uagb-iconbox-icon-wrap uagb-infobox-shape-circle\"><svg xmlns=\"https:\/\/www.w3.org\/2000\/svg\" viewBox=\"0 0 640 512\"><path d=\"M554.9 154.5c-17.62-35.25-68.12-35.38-85.87 0c-87 174.3-84.1 165.9-84.1 181.5c0 44.13 57.25 80 128 80s127.1-35.88 127.1-80C639.1 319.9 641.4 327.3 554.9 154.5zM439.1 320l71.96-144l72.17 144H439.1zM256 336c0-16.12 1.375-8.75-85.12-181.5c-17.62-35.25-68.12-35.38-85.87 0c-87 174.3-84.1 165.9-84.1 181.5c0 44.13 57.25 80 127.1 80S256 380.1 256 336zM127.9 176L200.1 320H55.96L127.9 176zM495.1 448h-143.1V153.3C375.5 143 393.1 121.8 398.4 96h113.6c17.67 0 31.1-14.33 31.1-32s-14.33-32-31.1-32h-128.4c-14.62-19.38-37.5-32-63.62-32S270.1 12.62 256.4 32H128C110.3 32 96 46.33 96 64S110.3 96 127.1 96h113.6c5.25 25.75 22.87 47 46.37 57.25V448H144c-26.51 0-48.01 21.49-48.01 48c0 8.836 7.165 16 16 16h416c8.836 0 16-7.164 16-16C544 469.5 522.5 448 495.1 448z\"><\/path><\/svg><\/div><\/div><div class=\"uagb-ifb-title-wrap\"><h3 class=\"uagb-ifb-title\">Un appui juridique<\/h3><\/div><\/div><div class=\"uagb-ifb-separator\"><\/div><p class=\"uagb-ifb-desc\">Les situations familiales soul\u00e8vent souvent de nombreuses interrogations juridiques.<br><br>Re-p\u00e8res17 b\u00e9n\u00e9ficie de l&rsquo;appui de deux professionnelles du droit de la famille :<br>&#8211; une avocate inscrite au Barreau de Saintes<br>&#8211; une avocate honoraire<br><br>Cet accompagnement permet de mieux comprendre vos droits et les d\u00e9marches envisageables.<br><br>Une participation financi\u00e8re est demand\u00e9e en fonction des revenus lors du deuxi\u00e8me entretien.<\/p><\/div><\/div>\n<\/div>\n\n\n\n<div class=\"wp-block-uagb-container uagb-block-818ab5f3\">\n<div class=\"wp-block-uagb-info-box uagb-block-2d080f2a uagb-infobox__content-wrap  uagb-infobox-icon-left-title uagb-infobox-left uagb-infobox-image-valign-middle\"><div class=\"uagb-ifb-content\"><div class=\"uagb-ifb-left-title-image\"><div class=\"uagb-ifb-icon-wrap\"><div class=\"uagb-iconbox-icon-wrap uagb-infobox-shape-circle\"><svg xmlns=\"https:\/\/www.w3.org\/2000\/svg\" viewBox=\"0 0 640 512\"><path d=\"M184 88C184 118.9 158.9 144 128 144C97.07 144 72 118.9 72 88C72 57.07 97.07 32 128 32C158.9 32 184 57.07 184 88zM208.4 196.3C178.7 222.7 160 261.2 160 304C160 338.3 171.1 369.8 192 394.5V416C192 433.7 177.7 448 160 448H96C78.33 448 64 433.7 64 416V389.2C26.16 371.2 0 332.7 0 288C0 226.1 50.14 176 112 176H144C167.1 176 190.2 183.5 208.4 196.3V196.3zM64 245.7C54.04 256.9 48 271.8 48 288C48 304.2 54.04 319.1 64 330.3V245.7zM448 416V394.5C468 369.8 480 338.3 480 304C480 261.2 461.3 222.7 431.6 196.3C449.8 183.5 472 176 496 176H528C589.9 176 640 226.1 640 288C640 332.7 613.8 371.2 576 389.2V416C576 433.7 561.7 448 544 448H480C462.3 448 448 433.7 448 416zM576 330.3C585.1 319.1 592 304.2 592 288C592 271.8 585.1 256.9 576 245.7V330.3zM568 88C568 118.9 542.9 144 512 144C481.1 144 456 118.9 456 88C456 57.07 481.1 32 512 32C542.9 32 568 57.07 568 88zM256 96C256 60.65 284.7 32 320 32C355.3 32 384 60.65 384 96C384 131.3 355.3 160 320 160C284.7 160 256 131.3 256 96zM448 304C448 348.7 421.8 387.2 384 405.2V448C384 465.7 369.7 480 352 480H288C270.3 480 256 465.7 256 448V405.2C218.2 387.2 192 348.7 192 304C192 242.1 242.1 192 304 192H336C397.9 192 448 242.1 448 304zM256 346.3V261.7C246 272.9 240 287.8 240 304C240 320.2 246 335.1 256 346.3zM384 261.7V346.3C393.1 335 400 320.2 400 304C400 287.8 393.1 272.9 384 261.7z\"><\/path><\/svg><\/div><\/div><div class=\"uagb-ifb-title-wrap\"><h3 class=\"uagb-ifb-title\">Une approche globale<\/h3><\/div><\/div><div class=\"uagb-ifb-separator\"><\/div><p class=\"uagb-ifb-desc\">Au-del\u00e0 des aspects administratifs ou juridiques, nous prenons en compte l&rsquo;ensemble de votre situation familiale.<br><br>Notre accompagnement repose sur une approche syst\u00e9mique qui consid\u00e8re chaque histoire dans sa globalit\u00e9 afin de construire des solutions durables.<br><br>Une participation financi\u00e8re est demand\u00e9e en fonction des revenus lors du deuxi\u00e8me entretien.<\/p><\/div><\/div>\n<\/div>\n<\/div>\n<\/div>\n\n\n\n<div class=\"wp-block-uagb-container uagb-block-2e6f40ac alignwide uagb-is-root-container\">\n<div class=\"wp-block-uagb-advanced-heading uagb-block-14e92c92\" id=\"groupes\"><h2 class=\"uagb-heading-text\">Les groupes de parole<\/h2><\/div>\n\n\n\n<p class=\"has-text-align-center wp-block-paragraph\" style=\"line-height:1.3\"><strong>Des espaces d&rsquo;\u00e9coute et de partage<\/strong><br><br>\u00c9changer avec d&rsquo;autres personnes qui vivent des situations similaires permet souvent de rompre l&rsquo;isolement, de prendre du recul et de trouver de nouvelles ressources.<br><br>Nos groupes de parole sont anim\u00e9s par des professionnelles de l&rsquo;association dans un cadre bienveillant, confidentiel et respectueux.<\/p>\n<\/div>\n\n\n\n<div class=\"wp-block-uagb-container uagb-block-9c7b2384 alignfull uagb-is-root-container\">\n<div class=\"wp-block-uagb-container uagb-block-ba4a7d67\"><\/div>\n\n\n\n<div class=\"wp-block-uagb-container uagb-block-a922f91d\">\n<div class=\"wp-block-uagb-advanced-heading uagb-block-7c11870d\"><h2 class=\"uagb-heading-text\">Groupe de parole de p\u00e8res s\u00e9par\u00e9s<\/h2><\/div>\n\n\n\n<p class=\"has-text-align-left wp-block-paragraph\" style=\"line-height:1.3\"><strong>Un espace d\u00e9di\u00e9 aux p\u00e8res<\/strong><br><br>Ce groupe offre un temps d&rsquo;\u00e9change entre p\u00e8res confront\u00e9s aux cons\u00e9quences de la s\u00e9paration.<br><br>Il permet de d\u00e9poser son v\u00e9cu, d&rsquo;\u00e9changer avec d&rsquo;autres participants et de construire ensemble de nouvelles perspectives.<br><br>Anim\u00e9 par une psychologue et la coordinatrice-accompagnatrice de l&rsquo;association.<br><br>\ud83d\udd52 Un lundi sur deux<br>19h \u2013 21h<br><br>Une rencontre individuelle pr\u00e9alable est propos\u00e9e avant l&rsquo;int\u00e9gration au groupe.<br><br>Participation gratuite sur inscription.<\/p>\n\n\n\n<div class=\"wp-block-uagb-buttons uagb-buttons__outer-wrap uagb-btn__default-btn uagb-btn-tablet__default-btn uagb-btn-mobile__default-btn uagb-block-bdc22607\"><div class=\"uagb-buttons__wrap uagb-buttons-layout-wrap \">\n<div class=\"wp-block-uagb-buttons-child uagb-buttons__outer-wrap uagb-block-6e62dc01 wp-block-button\"><div class=\"uagb-button__wrapper\"><a class=\"uagb-buttons-repeater wp-block-button__link\" aria-label=\"\" href=\"https:\/\/www.re-peres17.fr\/#contact\" rel=\"follow noopener\" target=\"_self\" role=\"button\"><div class=\"uagb-button__link\">S&rsquo;inscrire<\/div><\/a><\/div><\/div>\n<\/div><\/div>\n<\/div>\n<\/div>\n\n\n\n<div class=\"wp-block-uagb-container uagb-block-9e652e0a alignfull uagb-is-root-container\">\n<div class=\"wp-block-uagb-container uagb-block-1381c6fc\">\n<div class=\"wp-block-uagb-advanced-heading uagb-block-5fe440ea\"><h2 class=\"uagb-heading-text\">Groupe de parole de p\u00e8res et m\u00e8res s\u00e9par\u00e9s<\/h2><\/div>\n\n\n\n<p class=\"has-text-align-left wp-block-paragraph\" style=\"line-height:1.3\"><strong>Ouvert aux parents <strong>s\u00e9par\u00e9s<\/strong><\/strong> <strong>non<\/strong> <strong>issus du m\u00eame couple <\/strong><br><br>Ce groupe permet de partager son exp\u00e9rience, d&rsquo;\u00e9changer avec d&rsquo;autres parents et de r\u00e9fl\u00e9chir ensemble aux difficult\u00e9s rencontr\u00e9es dans l&rsquo;exercice de la parentalit\u00e9 apr\u00e8s une s\u00e9paration.<br><br>Anim\u00e9 par deux professionnelles de l&rsquo;association.<br><br>\ud83d\udd52 Un mardi sur deux<br>18h30 \u2013 20h<br><br>Participation gratuite sur inscription.<br><\/p>\n\n\n\n<div class=\"wp-block-uagb-buttons uagb-buttons__outer-wrap uagb-btn__default-btn uagb-btn-tablet__default-btn uagb-btn-mobile__default-btn uagb-block-4d0c34db\"><div class=\"uagb-buttons__wrap uagb-buttons-layout-wrap \">\n<div class=\"wp-block-uagb-buttons-child uagb-buttons__outer-wrap uagb-block-165d6a68 wp-block-button\"><div class=\"uagb-button__wrapper\"><a class=\"uagb-buttons-repeater wp-block-button__link\" aria-label=\"\" href=\"https:\/\/www.re-peres17.fr\/#contact\" rel=\"follow noopener\" target=\"_self\" role=\"button\"><div class=\"uagb-button__link\">S&rsquo;inscrire<\/div><\/a><\/div><\/div>\n<\/div><\/div>\n<\/div>\n\n\n\n<div class=\"wp-block-uagb-container uagb-block-9bdfb17f\"><\/div>\n<\/div>\n\n\n\n<p class=\"has-text-align-center wp-block-paragraph\" style=\"line-height:1.3\">\ud83d\udccd<strong> Les accompagnements individuels et les groupes de parole se d\u00e9roulent dans les locaux de l&rsquo;association Le Logis, 10 Rue Roger Griffon \u00e0 Saintes<\/strong>.<\/p>\n\n\n\n<div class=\"wp-block-uagb-container uagb-block-29e33eac alignfull uagb-is-root-container\"><div class=\"uagb-container-inner-blocks-wrap\">\n<div class=\"wp-block-uagb-advanced-heading uagb-block-938d2a45\" id=\"partenaires\"><h3 class=\"uagb-heading-text\">Nos partenaires<\/h3><\/div>\n\n\n\t\t\t\t\t<div\n\t\t\t\t\t\tclass=\"wp-block-uagb-image-gallery uagb-block-fa0de668     \"\n\t\t\t\t\t\tstyle=\"\"\n\t\t\t\t\t>\n\t\t\t\t\t\t\t\t\t\t\t<div class=\"spectra-image-gallery spectra-image-gallery__layout--carousel\">\n\t\t\t\t\t\t\t\t<div class=\"uagb-slick-carousel uagb-block-fa0de668\">\n\t\t\t\t\t\t\t\t\t\t\t\t<div class=\"spectra-image-gallery__media-wrapper\" data-spectra-gallery-image-id=\"203\">\n\t\t\t\t\t\t\t<div class=\"spectra-image-gallery__media spectra-image-gallery__media--carousel\">\n\t\t\t\t<picture>\n\t\t\t\t\t<source media=\"(min-width: 1024px)\" srcset=\"https:\/\/www.re-peres17.fr\/wp-content\/uploads\/2023\/09\/fondation-de-france.jpg\">\n\t\t\t\t\t<source media=\"(min-width: 768px)\" srcset=\"https:\/\/www.re-peres17.fr\/wp-content\/uploads\/2023\/09\/fondation-de-france.jpg\">\n\t\t\t\t\t<img decoding=\"async\" class=\"spectra-image-gallery__media-thumbnail spectra-image-gallery__media-thumbnail--carousel\" src=\"https:\/\/www.re-peres17.fr\/wp-content\/uploads\/2023\/09\/fondation-de-france-300x92.jpg\" alt=\"\" loading=\"lazy\" \/>\n\t\t\t\t<\/picture>\n\t\t\t\t<div class=\"spectra-image-gallery__media-thumbnail-blurrer\"><\/div>\n\t\t\t\t\t\t\t\t\t\t\t<div class=\"spectra-image-gallery__media-thumbnail-caption-wrapper spectra-image-gallery__media-thumbnail-caption-wrapper--overlay\"><\/div>\n\t\t\t\t\t\t\t\t<\/div>\n\t\t\t\t\t\t<\/div>\n\t\t\t\t\t\t<div class=\"spectra-image-gallery__media-wrapper\" data-spectra-gallery-image-id=\"188\">\n\t\t\t\t\t\t\t<div class=\"spectra-image-gallery__media spectra-image-gallery__media--carousel\">\n\t\t\t\t<picture>\n\t\t\t\t\t<source media=\"(min-width: 1024px)\" srcset=\"https:\/\/www.re-peres17.fr\/wp-content\/uploads\/2023\/06\/La-mutualite-sociale-agricole-charente-maritime-msa.jpg\">\n\t\t\t\t\t<source media=\"(min-width: 768px)\" srcset=\"https:\/\/www.re-peres17.fr\/wp-content\/uploads\/2023\/06\/La-mutualite-sociale-agricole-charente-maritime-msa.jpg\">\n\t\t\t\t\t<img decoding=\"async\" class=\"spectra-image-gallery__media-thumbnail spectra-image-gallery__media-thumbnail--carousel\" src=\"https:\/\/www.re-peres17.fr\/wp-content\/uploads\/2023\/06\/La-mutualite-sociale-agricole-charente-maritime-msa-300x189.jpg\" alt=\"\" loading=\"lazy\" \/>\n\t\t\t\t<\/picture>\n\t\t\t\t<div class=\"spectra-image-gallery__media-thumbnail-blurrer\"><\/div>\n\t\t\t\t\t\t\t\t\t\t\t<div class=\"spectra-image-gallery__media-thumbnail-caption-wrapper spectra-image-gallery__media-thumbnail-caption-wrapper--overlay\"><\/div>\n\t\t\t\t\t\t\t\t<\/div>\n\t\t\t\t\t\t<\/div>\n\t\t\t\t\t\t<div class=\"spectra-image-gallery__media-wrapper\" data-spectra-gallery-image-id=\"189\">\n\t\t\t\t\t\t\t<div class=\"spectra-image-gallery__media spectra-image-gallery__media--carousel\">\n\t\t\t\t<picture>\n\t\t\t\t\t<source media=\"(min-width: 1024px)\" srcset=\"https:\/\/www.re-peres17.fr\/wp-content\/uploads\/2023\/06\/le-departement-de-la-charente-maritime.jpg\">\n\t\t\t\t\t<source media=\"(min-width: 768px)\" srcset=\"https:\/\/www.re-peres17.fr\/wp-content\/uploads\/2023\/06\/le-departement-de-la-charente-maritime.jpg\">\n\t\t\t\t\t<img decoding=\"async\" class=\"spectra-image-gallery__media-thumbnail spectra-image-gallery__media-thumbnail--carousel\" src=\"https:\/\/www.re-peres17.fr\/wp-content\/uploads\/2023\/06\/le-departement-de-la-charente-maritime-300x122.jpg\" alt=\"\" loading=\"lazy\" \/>\n\t\t\t\t<\/picture>\n\t\t\t\t<div class=\"spectra-image-gallery__media-thumbnail-blurrer\"><\/div>\n\t\t\t\t\t\t\t\t\t\t\t<div class=\"spectra-image-gallery__media-thumbnail-caption-wrapper spectra-image-gallery__media-thumbnail-caption-wrapper--overlay\"><\/div>\n\t\t\t\t\t\t\t\t<\/div>\n\t\t\t\t\t\t<\/div>\n\t\t\t\t\t\t<div class=\"spectra-image-gallery__media-wrapper\" data-spectra-gallery-image-id=\"186\">\n\t\t\t\t\t\t\t<div class=\"spectra-image-gallery__media spectra-image-gallery__media--carousel\">\n\t\t\t\t<picture>\n\t\t\t\t\t<source media=\"(min-width: 1024px)\" srcset=\"https:\/\/www.re-peres17.fr\/wp-content\/uploads\/2023\/06\/allocations-familiales-de-la-charente-maritime.jpg\">\n\t\t\t\t\t<source media=\"(min-width: 768px)\" srcset=\"https:\/\/www.re-peres17.fr\/wp-content\/uploads\/2023\/06\/allocations-familiales-de-la-charente-maritime.jpg\">\n\t\t\t\t\t<img decoding=\"async\" class=\"spectra-image-gallery__media-thumbnail spectra-image-gallery__media-thumbnail--carousel\" src=\"https:\/\/www.re-peres17.fr\/wp-content\/uploads\/2023\/06\/allocations-familiales-de-la-charente-maritime.jpg\" alt=\"\" loading=\"lazy\" \/>\n\t\t\t\t<\/picture>\n\t\t\t\t<div class=\"spectra-image-gallery__media-thumbnail-blurrer\"><\/div>\n\t\t\t\t\t\t\t\t\t\t\t<div class=\"spectra-image-gallery__media-thumbnail-caption-wrapper spectra-image-gallery__media-thumbnail-caption-wrapper--overlay\"><\/div>\n\t\t\t\t\t\t\t\t<\/div>\n\t\t\t\t\t\t<\/div>\n\t\t\t\t\t\t<div class=\"spectra-image-gallery__media-wrapper\" data-spectra-gallery-image-id=\"472\">\n\t\t\t\t\t\t\t<div class=\"spectra-image-gallery__media spectra-image-gallery__media--carousel\">\n\t\t\t\t<picture>\n\t\t\t\t\t<source media=\"(min-width: 1024px)\" srcset=\"https:\/\/www.re-peres17.fr\/wp-content\/uploads\/2026\/07\/Logo_Nouvelle_Region_Aquitaine_2016_01.jpg\">\n\t\t\t\t\t<source media=\"(min-width: 768px)\" srcset=\"https:\/\/www.re-peres17.fr\/wp-content\/uploads\/2026\/07\/Logo_Nouvelle_Region_Aquitaine_2016_01.jpg\">\n\t\t\t\t\t<img decoding=\"async\" class=\"spectra-image-gallery__media-thumbnail spectra-image-gallery__media-thumbnail--carousel\" src=\"https:\/\/www.re-peres17.fr\/wp-content\/uploads\/2026\/07\/Logo_Nouvelle_Region_Aquitaine_2016_01-300x169.jpg\" alt=\"\" loading=\"lazy\" \/>\n\t\t\t\t<\/picture>\n\t\t\t\t<div class=\"spectra-image-gallery__media-thumbnail-blurrer\"><\/div>\n\t\t\t\t\t\t\t\t\t\t\t<div class=\"spectra-image-gallery__media-thumbnail-caption-wrapper spectra-image-gallery__media-thumbnail-caption-wrapper--overlay\"><\/div>\n\t\t\t\t\t\t\t\t<\/div>\n\t\t\t\t\t\t<\/div>\n\t\t\t\t\t\t<div class=\"spectra-image-gallery__media-wrapper\" data-spectra-gallery-image-id=\"473\">\n\t\t\t\t\t\t\t<div class=\"spectra-image-gallery__media spectra-image-gallery__media--carousel\">\n\t\t\t\t<picture>\n\t\t\t\t\t<source media=\"(min-width: 1024px)\" srcset=\"https:\/\/www.re-peres17.fr\/wp-content\/uploads\/2026\/07\/image-logo-RVB.png\">\n\t\t\t\t\t<source media=\"(min-width: 768px)\" srcset=\"https:\/\/www.re-peres17.fr\/wp-content\/uploads\/2026\/07\/image-logo-RVB-1024x386.png\">\n\t\t\t\t\t<img decoding=\"async\" class=\"spectra-image-gallery__media-thumbnail spectra-image-gallery__media-thumbnail--carousel\" src=\"https:\/\/www.re-peres17.fr\/wp-content\/uploads\/2026\/07\/image-logo-RVB-300x113.png\" alt=\"\" loading=\"lazy\" \/>\n\t\t\t\t<\/picture>\n\t\t\t\t<div class=\"spectra-image-gallery__media-thumbnail-blurrer\"><\/div>\n\t\t\t\t\t\t\t\t\t\t\t<div class=\"spectra-image-gallery__media-thumbnail-caption-wrapper spectra-image-gallery__media-thumbnail-caption-wrapper--overlay\"><\/div>\n\t\t\t\t\t\t\t\t<\/div>\n\t\t\t\t\t\t<\/div>\n\t\t\t\t\t\t<div class=\"spectra-image-gallery__media-wrapper\" data-spectra-gallery-image-id=\"474\">\n\t\t\t\t\t\t\t<div class=\"spectra-image-gallery__media spectra-image-gallery__media--carousel\">\n\t\t\t\t<picture>\n\t\t\t\t\t<source media=\"(min-width: 1024px)\" srcset=\"https:\/\/www.re-peres17.fr\/wp-content\/uploads\/2026\/07\/unnamed.png\">\n\t\t\t\t\t<source media=\"(min-width: 768px)\" srcset=\"https:\/\/www.re-peres17.fr\/wp-content\/uploads\/2026\/07\/unnamed.png\">\n\t\t\t\t\t<img decoding=\"async\" class=\"spectra-image-gallery__media-thumbnail spectra-image-gallery__media-thumbnail--carousel\" src=\"https:\/\/www.re-peres17.fr\/wp-content\/uploads\/2026\/07\/unnamed-300x121.png\" alt=\"\" loading=\"lazy\" \/>\n\t\t\t\t<\/picture>\n\t\t\t\t<div class=\"spectra-image-gallery__media-thumbnail-blurrer\"><\/div>\n\t\t\t\t\t\t\t\t\t\t\t<div class=\"spectra-image-gallery__media-thumbnail-caption-wrapper spectra-image-gallery__media-thumbnail-caption-wrapper--overlay\"><\/div>\n\t\t\t\t\t\t\t\t<\/div>\n\t\t\t\t\t\t<\/div>\n\t\t\t\t\t\t\t\t\t\t\t<\/div>\n\t\t\t\t\t\t\t<\/div>\n\t\t\t\t\t\t\t\t\t\t\t<\/div>\n\t\t\t\t\t\t\t\t\t<\/div><\/div>\n\n\n\n<div class=\"wp-block-uagb-container uagb-block-77b31b58 alignfull uagb-is-root-container\"><div class=\"uagb-container-inner-blocks-wrap\">\n<div class=\"wp-block-uagb-advanced-heading uagb-block-b293c083\" id=\"contact\"><h3 class=\"uagb-heading-text\">Vous souhaitez \u00eatre accompagn\u00e9?<\/h3><\/div>\n\n\n<p><div class=\"forminator-ui forminator-custom-form forminator-custom-form-450 forminator-design--default  forminator_ajax\" data-forminator-render=\"0\" data-form=\"forminator-module-450\" data-uid=\"6a9d4189d922f\"><br\/><\/div><form\n\t\t\t\tid=\"forminator-module-450\"\n\t\t\t\tclass=\"forminator-ui forminator-custom-form forminator-custom-form-450 forminator-design--default  forminator_ajax\"\n\t\t\t\tmethod=\"post\"\n\t\t\t\tdata-forminator-render=\"0\"\n\t\t\t\tdata-form-id=\"450\"\n\t\t\t\t data-color-option=\"theme\" data-design=\"default\" data-grid=\"open\" style=\"display: none;\"\n\t\t\t\tdata-uid=\"6a9d4189d922f\"\n\t\t\t><div role=\"alert\" aria-live=\"polite\" class=\"forminator-response-message forminator-error\" aria-hidden=\"true\"><\/div><div class=\"forminator-row\"><div id=\"name-1\" class=\"forminator-field-name forminator-col forminator-col-12 \"><div class=\"forminator-row forminator-no-margin\" data-multiple=\"true\"><div class=\"forminator-col forminator-col-md-6\"><div class=\"forminator-field\"><label for=\"forminator-field-first-name-1_6a9d4189d922f\" id=\"forminator-field-first-name-1_6a9d4189d922f-label\" class=\"forminator-label\">Pr\u00e9nom <span class=\"forminator-required\">*<\/span><\/label><input type=\"text\" name=\"name-1-first-name\" placeholder=\"\" id=\"forminator-field-first-name-1_6a9d4189d922f\" class=\"forminator-input\" aria-required=\"true\" data-multi=\"1\" autocomplete=\"given-name\" value=\"\" \/><\/div><\/div><div class=\"forminator-col forminator-col-md-6\"><div class=\"forminator-field\"><label for=\"forminator-field-last-name-1_6a9d4189d922f\" id=\"forminator-field-last-name-1_6a9d4189d922f-label\" class=\"forminator-label\">Nom de famille <span class=\"forminator-required\">*<\/span><\/label><input type=\"text\" name=\"name-1-last-name\" placeholder=\"\" id=\"forminator-field-last-name-1_6a9d4189d922f\" class=\"forminator-input\" aria-required=\"true\" data-multi=\"1\" autocomplete=\"family-name\" value=\"\" \/><\/div><\/div><\/div><\/div><\/div><div class=\"forminator-row\"><div id=\"email-1\" class=\"forminator-field-email forminator-col forminator-col-12 \"><div class=\"forminator-field\"><label for=\"forminator-field-email-1_6a9d4189d922f\" id=\"forminator-field-email-1_6a9d4189d922f-label\" class=\"forminator-label\">Adresse de messagerie <span class=\"forminator-required\">*<\/span><\/label><input type=\"email\" name=\"email-1\" value=\"\" placeholder=\"\" id=\"forminator-field-email-1_6a9d4189d922f\" class=\"forminator-input forminator-email--field\" data-required=\"true\" aria-required=\"true\" autocomplete=\"email\" \/><\/div><\/div><\/div><div class=\"forminator-row\"><div id=\"phone-1\" class=\"forminator-field-phone forminator-col forminator-col-12 \"><div class=\"forminator-field\"><label for=\"forminator-field-phone-1_6a9d4189d922f\" id=\"forminator-field-phone-1_6a9d4189d922f-label\" class=\"forminator-label\">Num\u00e9ro de t\u00e9l\u00e9phone<\/label><input type=\"text\" name=\"phone-1\" value=\"\" placeholder=\"\" id=\"forminator-field-phone-1_6a9d4189d922f\" class=\"forminator-input forminator-field--phone\" data-required=\"\" aria-required=\"false\" autocomplete=\"off\" \/><\/div><\/div><\/div><div class=\"forminator-row\"><div id=\"text-1\" class=\"forminator-field-text forminator-col forminator-col-12 \"><div class=\"forminator-field\"><label for=\"forminator-field-text-1_6a9d4189d922f\" id=\"forminator-field-text-1_6a9d4189d922f-label\" class=\"forminator-label\">Objet <span class=\"forminator-required\">*<\/span><\/label><input type=\"text\" name=\"text-1\" value=\"\" placeholder=\"ex : Inscription au groupe de parole p\u00e8res s\u00e9par\u00e9s\" id=\"forminator-field-text-1_6a9d4189d922f\" class=\"forminator-input forminator-name--field\" data-required=\"1\" \/><\/div><\/div><\/div><div class=\"forminator-row\"><div id=\"textarea-1\" class=\"forminator-field-textarea forminator-col forminator-col-12 \"><div class=\"forminator-field\"><label for=\"forminator-field-textarea-1_6a9d4189d922f\" id=\"forminator-field-textarea-1_6a9d4189d922f-label\" class=\"forminator-label\">Message <span class=\"forminator-required\">*<\/span><\/label><span id=\"forminator-field-textarea-1_6a9d4189d922f-description\" class=\"forminator-description\"><span data-limit=\"180\" data-type=\"characters\" data-editor=\"\">0 \/ 180<\/span><\/span><textarea name=\"textarea-1\" placeholder=\"\" id=\"forminator-field-textarea-1_6a9d4189d922f\" class=\"forminator-textarea\" style=\"--forminator-textarea-min-height:140px;\" maxlength=\"180\" ><\/textarea><\/div><\/div><\/div><div class=\"forminator-row\"><div id=\"consent-1\" class=\"forminator-field-consent forminator-col forminator-col-12 \"><div class=\"forminator-field\"><label for=\"forminator-field-consent-1_6a9d4189d922f\" id=\"forminator-field-consent-1_6a9d4189d922f-label\" class=\"forminator-label\">Accord RGPD <span class=\"forminator-required\">*<\/span><\/label><div class=\"forminator-checkbox__wrapper\"><label id=\"forminator-field-consent-1_6a9d4189d922f__label\" class=\"forminator-checkbox forminator-consent\"><input type=\"checkbox\" name=\"consent-1\" id=\"forminator-field-consent-1_6a9d4189d922f\" value=\"checked\" aria-labelledby=\"forminator-field-consent-1_6a9d4189d922f-label\" aria-describedby=\"forminator-field-consent-1_6a9d4189d922f__description\" data-required=\"true\" aria-required=\"true\" \/><span class=\"forminator-checkbox-box\" aria-hidden=\"true\"><\/span><\/label><div id=\"forminator-field-consent-1_6a9d4189d922f__description\" class=\"forminator-checkbox__label forminator-consent__label\"><p>J&rsquo;accepte la <a href=\"https:\/\/www.re-peres17.fr\/index.php\/politique-de-confidentialite-2\/\" target=\"_blank\" rel=\"noopener\">politique de confidentialit\u00e9<\/a>.<\/p><\/div><\/div><\/div><\/div><\/div><div class=\"forminator-row\" style=\"margin: 0;\"><div id=\"captcha-1\" class=\"forminator-field-captcha  forminator-col-12 \"><div class=\"forminator-captcha-left forminator-g-recaptcha recaptcha-invisible\" data-theme=\"light\" data-badge=\"bottomright\" data-sitekey=\"6Ldr6mktAAAAAABAKKrUkXgvx54jsvOy_epLOpnk\" data-size=\"invisible\"><\/div> <\/div><\/div><input type=\"hidden\" name=\"referer_url\" value=\"\" \/><div class=\"forminator-row forminator-row-last\"><div class=\"forminator-col\"><div class=\"forminator-field\"><button class=\"forminator-button forminator-button-submit\">Envoyer<\/button><\/div><\/div><\/div><input type=\"hidden\" id=\"forminator_nonce\" name=\"forminator_nonce\" value=\"3e77d903f1\" \/><input type=\"hidden\" name=\"_wp_http_referer\" value=\"\/index.php\/wp-json\/wp\/v2\/pages\/338\" \/><input type=\"hidden\" name=\"form_id\" value=\"450\"><input type=\"hidden\" name=\"page_id\" value=\"338\"><input type=\"hidden\" name=\"form_type\" value=\"default\"><input type=\"hidden\" name=\"current_url\" value=\"https:\/\/www.re-peres17.fr\/\"><input type=\"hidden\" name=\"render_id\" value=\"0\"><input type=\"hidden\" name=\"action\" value=\"forminator_submit_form_custom-forms\"><\/form><\/p>\n<\/div><\/div>\n","protected":false},"excerpt":{"rendered":"<p>Re-p\u00e8res17 Retrouver sa place de p\u00e8re, Pr\u00e9server le lien avec son enfant. Re-p\u00e8res17 accompagne les p\u00e8res s\u00e9par\u00e9s dans l&rsquo;exercice de leur parentalit\u00e9, avec \u00e9coute, bienveillance et professionnalisme. Notre mission est [&hellip;]<\/p>\n","protected":false},"author":3,"featured_media":0,"parent":0,"menu_order":0,"comment_status":"closed","ping_status":"closed","template":"","meta":{"_gspb_post_css":"","_uag_custom_page_level_css":"","footnotes":""},"class_list":["post-338","page","type-page","status-publish","hentry"],"blocksy_meta":[],"uagb_featured_image_src":{"full":false,"thumbnail":false,"medium":false,"medium_large":false,"large":false,"1536x1536":false,"2048x2048":false},"uagb_author_info":{"display_name":"Alexy Nguyen","author_link":"https:\/\/www.re-peres17.fr\/index.php\/author\/nguyalex\/"},"uagb_comment_info":0,"uagb_excerpt":"Re-p\u00e8res17 Retrouver sa place de p\u00e8re, Pr\u00e9server le lien avec son enfant. Re-p\u00e8res17 accompagne les p\u00e8res s\u00e9par\u00e9s dans l&rsquo;exercice de leur parentalit\u00e9, avec \u00e9coute, bienveillance et professionnalisme. Notre mission est [&hellip;]","_links":{"self":[{"href":"https:\/\/www.re-peres17.fr\/index.php\/wp-json\/wp\/v2\/pages\/338","targetHints":{"allow":["GET"]}}],"collection":[{"href":"https:\/\/www.re-peres17.fr\/index.php\/wp-json\/wp\/v2\/pages"}],"about":[{"href":"https:\/\/www.re-peres17.fr\/index.php\/wp-json\/wp\/v2\/types\/page"}],"author":[{"embeddable":true,"href":"https:\/\/www.re-peres17.fr\/index.php\/wp-json\/wp\/v2\/users\/3"}],"replies":[{"embeddable":true,"href":"https:\/\/www.re-peres17.fr\/index.php\/wp-json\/wp\/v2\/comments?post=338"}],"version-history":[{"count":91,"href":"https:\/\/www.re-peres17.fr\/index.php\/wp-json\/wp\/v2\/pages\/338\/revisions"}],"predecessor-version":[{"id":477,"href":"https:\/\/www.re-peres17.fr\/index.php\/wp-json\/wp\/v2\/pages\/338\/revisions\/477"}],"wp:attachment":[{"href":"https:\/\/www.re-peres17.fr\/index.php\/wp-json\/wp\/v2\/media?parent=338"}],"curies":[{"name":"wp","href":"https:\/\/api.w.org\/{rel}","templated":true}]}}